{"id":746,"date":"2018-11-30T20:03:30","date_gmt":"2018-11-30T19:03:30","guid":{"rendered":"http:\/\/www.opticapalafolls.com\/es\/?page_id=746"},"modified":"2018-11-30T20:06:41","modified_gmt":"2018-11-30T19:06:41","slug":"opto-cosmetica","status":"publish","type":"page","link":"https:\/\/www.opticapalafolls.com\/es\/productos\/opto-cosmetica\/","title":{"rendered":"Opto Cosm\u00e9tica"},"content":{"rendered":"<p style=\"text-align: justify;\">Disponemos de productos especializados y \u00fanicos para la Salud Visual y Ocular (Opto Cosm\u00e9tica), bajo la supervisi\u00f3n de reconocidos Profesionales y Centros Oftalmologicos y de las primeras marcas, como por ejemplo <a href=\"http:\/\/www.dermeyes.com\/\">Derm Eyes<\/a>, dise\u00f1ados para la prevenci\u00f3n de posibles alteraciones relacionadas con el uso de cosm\u00e9ticos o falta de aporte nutricional.<\/p>\n<p><img loading=\"lazy\" decoding=\"async\" class=\"aligncenter wp-image-747 size-full\" src=\"http:\/\/www.opticapalafolls.com\/es\/wp-content\/uploads\/2018\/11\/OLVIDATE_ALERGIAS.png\" alt=\"\" width=\"800\" height=\"262\" srcset=\"https:\/\/www.opticapalafolls.com\/es\/wp-content\/uploads\/2018\/11\/OLVIDATE_ALERGIAS.png 800w, https:\/\/www.opticapalafolls.com\/es\/wp-content\/uploads\/2018\/11\/OLVIDATE_ALERGIAS-300x98.png 300w, https:\/\/www.opticapalafolls.com\/es\/wp-content\/uploads\/2018\/11\/OLVIDATE_ALERGIAS-768x252.png 768w, https:\/\/www.opticapalafolls.com\/es\/wp-content\/uploads\/2018\/11\/OLVIDATE_ALERGIAS-600x197.png 600w\" sizes=\"auto, (max-width: 800px) 100vw, 800px\" \/><\/p>\n<p style=\"text-align: justify;\">Tres l\u00edneas de productos: Tratamiento contorno ocular, maquillaje 100% hipoalergenico y nutrici\u00f3n ocular, ofrecemos soluciones innovadoras eficaces .<\/p>\n<div class=\"woocommerce columns-4 \"><ul class=\"products columns-4\">\n<li class=\"post-833 product type-product status-publish has-post-thumbnail product_cat-optocosmetica product_tag-gel-anti-stress first instock taxable shipping-taxable product-type-simple\">\n\t\t<div class=\"product-thumb-wrap\">\n\t\t<img loading=\"lazy\" decoding=\"async\" width=\"300\" height=\"300\" src=\"https:\/\/www.opticapalafolls.com\/es\/wp-content\/uploads\/2018\/12\/antistress-gel-300x300.jpg\" class=\"attachment-woocommerce_thumbnail size-woocommerce_thumbnail\" alt=\"Anti-Stress Gel\" srcset=\"https:\/\/www.opticapalafolls.com\/es\/wp-content\/uploads\/2018\/12\/antistress-gel-300x300.jpg 300w, https:\/\/www.opticapalafolls.com\/es\/wp-content\/uploads\/2018\/12\/antistress-gel-150x150.jpg 150w, https:\/\/www.opticapalafolls.com\/es\/wp-content\/uploads\/2018\/12\/antistress-gel-768x768.jpg 768w, https:\/\/www.opticapalafolls.com\/es\/wp-content\/uploads\/2018\/12\/antistress-gel-600x600.jpg 600w, https:\/\/www.opticapalafolls.com\/es\/wp-content\/uploads\/2018\/12\/antistress-gel-100x100.jpg 100w, https:\/\/www.opticapalafolls.com\/es\/wp-content\/uploads\/2018\/12\/antistress-gel.jpg 800w\" sizes=\"auto, (max-width: 300px) 100vw, 300px\" \/>\n\t\t<div class=\"add-to-cart-wrap\">\n\t\t\t<a href=\"https:\/\/www.opticapalafolls.com\/es\/producto\/anti-stress-gel\/\" aria-describedby=\"woocommerce_loop_add_to_cart_link_describedby_833\" data-quantity=\"1\" class=\"button product_type_simple\" data-product_id=\"833\" data-product_sku=\"\" aria-label=\"Lee m\u00e1s sobre &ldquo;Anti-Stress Gel&rdquo;\" rel=\"nofollow\" data-success_message=\"\">Leer m\u00e1s<\/a>\t<span id=\"woocommerce_loop_add_to_cart_link_describedby_833\" class=\"screen-reader-text\">\n\t\t\t<\/span>\n\t\t<\/div>\n\t\t\t<\/div>\n\n\t<div class=\"product-info-wrap\">\n\t\t<a href=\"https:\/\/www.opticapalafolls.com\/es\/producto\/anti-stress-gel\/\" class=\"woocommerce-LoopProduct-link woocommerce-loop-product__link\"><h2 class=\"woocommerce-loop-product__title\">Anti-Stress Gel<\/h2><\/a>\n\t<\/div>\n<\/li>\n<li class=\"post-837 product type-product status-publish has-post-thumbnail product_cat-optocosmetica  instock taxable shipping-taxable product-type-simple\">\n\t\t<div class=\"product-thumb-wrap\">\n\t\t<img loading=\"lazy\" decoding=\"async\" width=\"300\" height=\"300\" src=\"https:\/\/www.opticapalafolls.com\/es\/wp-content\/uploads\/2018\/12\/CAPSULAS_OK-300x300.jpg\" class=\"attachment-woocommerce_thumbnail size-woocommerce_thumbnail\" alt=\"C\u00e1psulas Multivitam\u00ednicas y Antioxidantes\" srcset=\"https:\/\/www.opticapalafolls.com\/es\/wp-content\/uploads\/2018\/12\/CAPSULAS_OK-300x300.jpg 300w, https:\/\/www.opticapalafolls.com\/es\/wp-content\/uploads\/2018\/12\/CAPSULAS_OK-150x150.jpg 150w, https:\/\/www.opticapalafolls.com\/es\/wp-content\/uploads\/2018\/12\/CAPSULAS_OK-100x100.jpg 100w\" sizes=\"auto, (max-width: 300px) 100vw, 300px\" \/>\n\t\t<div class=\"add-to-cart-wrap\">\n\t\t\t<a href=\"https:\/\/www.opticapalafolls.com\/es\/producto\/capsulas-multivitaminicas-antioxidantes\/\" aria-describedby=\"woocommerce_loop_add_to_cart_link_describedby_837\" data-quantity=\"1\" class=\"button product_type_simple\" data-product_id=\"837\" data-product_sku=\"\" aria-label=\"Lee m\u00e1s sobre &ldquo;C\u00e1psulas Multivitam\u00ednicas y Antioxidantes&rdquo;\" rel=\"nofollow\" data-success_message=\"\">Leer m\u00e1s<\/a>\t<span id=\"woocommerce_loop_add_to_cart_link_describedby_837\" class=\"screen-reader-text\">\n\t\t\t<\/span>\n\t\t<\/div>\n\t\t\t<\/div>\n\n\t<div class=\"product-info-wrap\">\n\t\t<a href=\"https:\/\/www.opticapalafolls.com\/es\/producto\/capsulas-multivitaminicas-antioxidantes\/\" class=\"woocommerce-LoopProduct-link woocommerce-loop-product__link\"><h2 class=\"woocommerce-loop-product__title\">C\u00e1psulas Multivitam\u00ednicas y Antioxidantes<\/h2><\/a>\n\t<\/div>\n<\/li>\n<li class=\"post-835 product type-product status-publish has-post-thumbnail product_cat-optocosmetica product_tag-gel-anti-stress  instock taxable shipping-taxable product-type-simple\">\n\t\t<div class=\"product-thumb-wrap\">\n\t\t<img loading=\"lazy\" decoding=\"async\" width=\"300\" height=\"300\" src=\"https:\/\/www.opticapalafolls.com\/es\/wp-content\/uploads\/2018\/12\/toallitas-demaquillantes-300x300.jpg\" class=\"attachment-woocommerce_thumbnail size-woocommerce_thumbnail\" alt=\"Toallitas Desmaquillantes\" srcset=\"https:\/\/www.opticapalafolls.com\/es\/wp-content\/uploads\/2018\/12\/toallitas-demaquillantes-300x300.jpg 300w, https:\/\/www.opticapalafolls.com\/es\/wp-content\/uploads\/2018\/12\/toallitas-demaquillantes-150x150.jpg 150w, https:\/\/www.opticapalafolls.com\/es\/wp-content\/uploads\/2018\/12\/toallitas-demaquillantes-768x768.jpg 768w, https:\/\/www.opticapalafolls.com\/es\/wp-content\/uploads\/2018\/12\/toallitas-demaquillantes-600x600.jpg 600w, https:\/\/www.opticapalafolls.com\/es\/wp-content\/uploads\/2018\/12\/toallitas-demaquillantes-100x100.jpg 100w, https:\/\/www.opticapalafolls.com\/es\/wp-content\/uploads\/2018\/12\/toallitas-demaquillantes.jpg 800w\" sizes=\"auto, (max-width: 300px) 100vw, 300px\" \/>\n\t\t<div class=\"add-to-cart-wrap\">\n\t\t\t<a href=\"https:\/\/www.opticapalafolls.com\/es\/producto\/toallitas-desmaquillantes\/\" aria-describedby=\"woocommerce_loop_add_to_cart_link_describedby_835\" data-quantity=\"1\" class=\"button product_type_simple\" data-product_id=\"835\" data-product_sku=\"\" aria-label=\"Lee m\u00e1s sobre &ldquo;Toallitas Desmaquillantes&rdquo;\" rel=\"nofollow\" data-success_message=\"\">Leer m\u00e1s<\/a>\t<span id=\"woocommerce_loop_add_to_cart_link_describedby_835\" class=\"screen-reader-text\">\n\t\t\t<\/span>\n\t\t<\/div>\n\t\t\t<\/div>\n\n\t<div class=\"product-info-wrap\">\n\t\t<a href=\"https:\/\/www.opticapalafolls.com\/es\/producto\/toallitas-desmaquillantes\/\" class=\"woocommerce-LoopProduct-link woocommerce-loop-product__link\"><h2 class=\"woocommerce-loop-product__title\">Toallitas Desmaquillantes<\/h2><\/a>\n\t<\/div>\n<\/li>\n<\/ul>\n<\/div>\n<!-- AddThis Advanced Settings generic via filter on the_content --><!-- AddThis Share Buttons generic via filter on the_content -->","protected":false},"excerpt":{"rendered":"<p>Disponemos de productos especializados y \u00fanicos para la Salud Visual y Ocular (Opto Cosm\u00e9tica), bajo la supervisi\u00f3n de reconocidos Profesionales y Centros Oftalmologicos y de las primeras marcas, como por ejemplo Derm Eyes, dise\u00f1ados para la prevenci\u00f3n de posibles alteraciones relacionadas con el uso de cosm\u00e9ticos o falta de aporte nutricional. Tres l\u00edneas de productos: [&hellip;]<!-- AddThis Advanced Settings generic via filter on get_the_excerpt --><!-- AddThis Share Buttons generic via filter on get_the_excerpt --><\/p>\n","protected":false},"author":2,"featured_media":0,"parent":6,"menu_order":0,"comment_status":"closed","ping_status":"closed","template":"","meta":{"_acf_changed":false,"footnotes":""},"class_list":["post-746","page","type-page","status-publish","hentry"],"acf":[],"_links":{"self":[{"href":"https:\/\/www.opticapalafolls.com\/es\/wp-json\/wp\/v2\/pages\/746","targetHints":{"allow":["GET"]}}],"collection":[{"href":"https:\/\/www.opticapalafolls.com\/es\/wp-json\/wp\/v2\/pages"}],"about":[{"href":"https:\/\/www.opticapalafolls.com\/es\/wp-json\/wp\/v2\/types\/page"}],"author":[{"embeddable":true,"href":"https:\/\/www.opticapalafolls.com\/es\/wp-json\/wp\/v2\/users\/2"}],"replies":[{"embeddable":true,"href":"https:\/\/www.opticapalafolls.com\/es\/wp-json\/wp\/v2\/comments?post=746"}],"version-history":[{"count":4,"href":"https:\/\/www.opticapalafolls.com\/es\/wp-json\/wp\/v2\/pages\/746\/revisions"}],"predecessor-version":[{"id":753,"href":"https:\/\/www.opticapalafolls.com\/es\/wp-json\/wp\/v2\/pages\/746\/revisions\/753"}],"up":[{"embeddable":true,"href":"https:\/\/www.opticapalafolls.com\/es\/wp-json\/wp\/v2\/pages\/6"}],"wp:attachment":[{"href":"https:\/\/www.opticapalafolls.com\/es\/wp-json\/wp\/v2\/media?parent=746"}],"curies":[{"name":"wp","href":"https:\/\/api.w.org\/{rel}","templated":true}]}}